{"id":1054,"date":"2020-12-10T16:21:20","date_gmt":"2020-12-10T21:21:20","guid":{"rendered":"https:\/\/caribabare.gov.co\/esp\/?page_id=1054"},"modified":"2022-12-05T09:18:18","modified_gmt":"2022-12-05T14:18:18","slug":"noticias-operativas","status":"publish","type":"page","link":"https:\/\/caribabare.gov.co\/esp\/noticias-operativas\/","title":{"rendered":"Noticias Operativas"},"content":{"rendered":"\t\t<div data-elementor-type=\"wp-page\" data-elementor-id=\"1054\" class=\"elementor elementor-1054\">\n\t\t\t\t\t\t<div class=\"elementor-inner\">\n\t\t\t\t<div class=\"elementor-section-wrap\">\n\t\t\t\t\t\t\t\t\t<section class=\"elementor-section elementor-top-section elementor-element elementor-element-d6ad817 elementor-section-boxed elementor-section-height-default elementor-section-height-default\" data-id=\"d6ad817\" data-element_type=\"section\">\n\t\t\t\t\t\t<div class=\"elementor-container elementor-column-gap-default\">\n\t\t\t\t\t\t\t<div class=\"elementor-row\">\n\t\t\t\t\t<div class=\"elementor-column elementor-col-100 elementor-top-column elementor-element elementor-element-cada01a\" data-id=\"cada01a\" data-element_type=\"column\">\n\t\t\t<div class=\"elementor-column-wrap\">\n\t\t\t\t\t\t\t<div class=\"elementor-widget-wrap\">\n\t\t\t\t\t\t\t\t<\/div>\n\t\t\t\t\t<\/div>\n\t\t<\/div>\n\t\t\t\t\t\t\t\t<\/div>\n\t\t\t\t\t<\/div>\n\t\t<\/section>\n\t\t\t\t<section class=\"elementor-section elementor-top-section elementor-element elementor-element-0d9f028 elementor-section-boxed elementor-section-height-default elementor-section-height-default\" data-id=\"0d9f028\" data-element_type=\"section\">\n\t\t\t\t\t\t<div class=\"elementor-container elementor-column-gap-default\">\n\t\t\t\t\t\t\t<div class=\"elementor-row\">\n\t\t\t\t\t<div class=\"elementor-column elementor-col-100 elementor-top-column elementor-element elementor-element-e17624b\" data-id=\"e17624b\" data-element_type=\"column\">\n\t\t\t<div class=\"elementor-column-wrap elementor-element-populated\">\n\t\t\t\t\t\t\t<div class=\"elementor-widget-wrap\">\n\t\t\t\t\t\t<div class=\"elementor-element elementor-element-83b1dd8 elementor-widget elementor-widget-heading\" data-id=\"83b1dd8\" data-element_type=\"widget\" data-widget_type=\"heading.default\">\n\t\t\t\t<div class=\"elementor-widget-container\">\n\t\t\t<h2 class=\"elementor-heading-title elementor-size-default\">Presentaci\u00f3n y socializaci\u00f3n del servicio de la calibraci\u00f3n de medidores<\/h2>\t\t<\/div>\n\t\t\t\t<\/div>\n\t\t\t\t<div class=\"elementor-element elementor-element-df97a20 elementor-widget elementor-widget-text-editor\" data-id=\"df97a20\" data-element_type=\"widget\" data-widget_type=\"text-editor.default\">\n\t\t\t\t<div class=\"elementor-widget-container\">\n\t\t\t\t\t\t\t\t<div class=\"elementor-text-editor elementor-clearfix\">\n\t\t\t\t\t\t\t\t\t<\/div>\n\t\t\t\t\t\t<\/div>\n\t\t\t\t<\/div>\n\t\t\t\t<div class=\"elementor-element elementor-element-1ff1d40 elementor-widget elementor-widget-text-editor\" data-id=\"1ff1d40\" data-element_type=\"widget\" data-widget_type=\"text-editor.default\">\n\t\t\t\t<div class=\"elementor-widget-container\">\n\t\t\t\t\t\t\t\t<div class=\"elementor-text-editor elementor-clearfix\">\n\t\t\t\t<div class=\"m8h3af8h l7ghb35v kjdc1dyq kmwttqpk gh25dzvf n3t5jt4f\"><div dir=\"auto\">\ud835\udc02\ud835\udc00\ud835\udc11\ud835\udc08\ud835\udc01\ud835\udc00\ud835\udc01\ud835\udc00\ud835\udc11\ud835\udc04 \ud835\udc04.\ud835\udc12.\ud835\udc0f. en cabeza del Gerente A.P. Luis Alfredo Granados Becerra, en compa\u00f1\u00eda de la profesional Juliana P\u00e9rez Galindo l\u00edder del Grupo Comercial, Conexiones y Mercadeo y su equipo de trabajo, realizaron la presentaci\u00f3n y socializaci\u00f3n del servicio de la calibraci\u00f3n de medidores, a los directivos de la Empresa de servicios p\u00fablicos de Fortul \ud835\uddd8\ud835\udde0\ud835\uddd6\ud835\udde2\ud835\uddd4\ud835\uddd4\ud835\uddd4\ud835\uddd9\ud835\udde2\ud835\udde5 \ud835\uddd8.\ud835\udde6.\ud835\udde3. y la Empresa Comunitaria de Acueducto, Alcantarillado y Aseo de Saravena \ud835\uddd8\ud835\uddd6\ud835\uddd4\ud835\uddd4\ud835\uddd4\ud835\udde6 \ud835\uddd8.\ud835\udde6.\ud835\udde3.<\/div><\/div><div class=\"l7ghb35v kjdc1dyq kmwttqpk gh25dzvf jikcssrz n3t5jt4f\"><div dir=\"auto\">Adem\u00e1s, en el marco de este encuentro se realiz\u00f3 la visita a la planta de tratamiento de aguas del municipio de Saravena, por parte de la Ing. Lizeth Dariana Mej\u00eda L\u00edder del Grupo Operativo de Potabilizaci\u00f3n GOPA, el Ing. Mauricio Rinc\u00f3n l\u00edder del Grupo Operativo T\u00e9cnico Ambiental, y dem\u00e1s miembros de la empresa CARIBABARE E.S.P. acompa\u00f1ante, quienes observaron los procesos de operaci\u00f3n en el sistema de tratamiento de agua potable del vecino municipio, y evidenciaron las unidades que componen la PTAP; como el proceso de coagulaci\u00f3n, floculaci\u00f3n, sedimentaci\u00f3n, filtraci\u00f3n y cloraci\u00f3n, que garantizan que el agua captada cumpla con los par\u00e1metros permisibles para el consumo humano.<\/div><\/div><div class=\"l7ghb35v kjdc1dyq kmwttqpk gh25dzvf jikcssrz n3t5jt4f\"><div dir=\"auto\">Cabe destacar que estos espacios, permiten la interacci\u00f3n comercial de las empresas de servicio p\u00fablicos en el departamento y la regi\u00f3n, y la evaluaci\u00f3n de procesos propios en la prestaci\u00f3n de servicios, en el mejoramiento continuo en pro del beneficio de nuestra comunidad.<\/div><div dir=\"auto\">\u00a0<\/div><div dir=\"auto\">\u00a0\u00a0\u00a0\u00a0\u00a0\u00a0\u00a0\u00a0\u00a0\u00a0\u00a0\u00a0\u00a0\u00a0 \ud835\udc02\ud835\udc00\ud835\udc11\ud835\udc08\ud835\udc01\ud835\udc00\ud835\udc01\ud835\udc00\ud835\udc11\ud835\udc04 \ud835\udc04.\ud835\udc12.\ud835\udc0f.<\/div><div dir=\"auto\">\u201c\ud835\udd70\ud835\udd96\ud835\udd9a\ud835\udd8e\ud835\udd95\ud835\udd94 \ud835\udd89\ud835\udd8a \ud835\udd88\ud835\udd86\ud835\udd91\ud835\udd8e\ud835\udd89\ud835\udd86\ud835\udd89 \ud835\udd86\ud835\udd91 \ud835\udd98\ud835\udd8a\ud835\udd97\ud835\udd9b\ud835\udd8e\ud835\udd88\ud835\udd8e\ud835\udd94 \ud835\udd89\ud835\udd8a \ud835\udd91\ud835\udd86 \ud835\udd8c\ud835\udd8a\ud835\udd93\ud835\udd99\ud835\udd8a\u201d<\/div><\/div>\t\t\t\t\t<\/div>\n\t\t\t\t\t\t<\/div>\n\t\t\t\t<\/div>\n\t\t\t\t<div class=\"elementor-element elementor-element-d6d2e90 elementor-widget elementor-widget-image-gallery\" data-id=\"d6d2e90\" data-element_type=\"widget\" data-widget_type=\"image-gallery.default\">\n\t\t\t\t<div class=\"elementor-widget-container\">\n\t\t\t\t\t<div class=\"elementor-image-gallery\">\n\t\t\t<div id='gallery-1' class='gallery galleryid-1054 gallery-columns-4 gallery-size-thumbnail'><figure class='gallery-item'>\n\t\t\t<div class='gallery-icon landscape'>\n\t\t\t\t<a data-elementor-open-lightbox=\"yes\" data-elementor-lightbox-slideshow=\"d6d2e90\" data-elementor-lightbox-title=\"1\" data-e-action-hash=\"#elementor-action%3Aaction%3Dlightbox%26settings%3DeyJpZCI6MTUxMywidXJsIjoiaHR0cHM6XC9cL2NhcmliYWJhcmUuZ292LmNvXC9lc3BcL3dwLWNvbnRlbnRcL3VwbG9hZHNcLzIwMjJcLzA5XC8xLTEuanBnIiwic2xpZGVzaG93IjoiZDZkMmU5MCJ9\" href='https:\/\/caribabare.gov.co\/esp\/wp-content\/uploads\/2022\/09\/1-1.jpg'><img width=\"150\" height=\"150\" src=\"https:\/\/caribabare.gov.co\/esp\/wp-content\/uploads\/2022\/09\/1-1-150x150.jpg\" class=\"attachment-thumbnail size-thumbnail\" alt=\"\" decoding=\"async\" loading=\"lazy\" \/><\/a>\n\t\t\t<\/div><\/figure><figure class='gallery-item'>\n\t\t\t<div class='gallery-icon landscape'>\n\t\t\t\t<a data-elementor-open-lightbox=\"yes\" data-elementor-lightbox-slideshow=\"d6d2e90\" data-elementor-lightbox-title=\"10\" data-e-action-hash=\"#elementor-action%3Aaction%3Dlightbox%26settings%3DeyJpZCI6MTUxMiwidXJsIjoiaHR0cHM6XC9cL2NhcmliYWJhcmUuZ292LmNvXC9lc3BcL3dwLWNvbnRlbnRcL3VwbG9hZHNcLzIwMjJcLzA5XC8xMC5qcGciLCJzbGlkZXNob3ciOiJkNmQyZTkwIn0%3D\" href='https:\/\/caribabare.gov.co\/esp\/wp-content\/uploads\/2022\/09\/10.jpg'><img width=\"150\" height=\"150\" src=\"https:\/\/caribabare.gov.co\/esp\/wp-content\/uploads\/2022\/09\/10-150x150.jpg\" class=\"attachment-thumbnail size-thumbnail\" alt=\"\" decoding=\"async\" loading=\"lazy\" \/><\/a>\n\t\t\t<\/div><\/figure><figure class='gallery-item'>\n\t\t\t<div class='gallery-icon landscape'>\n\t\t\t\t<a data-elementor-open-lightbox=\"yes\" data-elementor-lightbox-slideshow=\"d6d2e90\" data-elementor-lightbox-title=\"9\" data-e-action-hash=\"#elementor-action%3Aaction%3Dlightbox%26settings%3DeyJpZCI6MTUxMSwidXJsIjoiaHR0cHM6XC9cL2NhcmliYWJhcmUuZ292LmNvXC9lc3BcL3dwLWNvbnRlbnRcL3VwbG9hZHNcLzIwMjJcLzA5XC85LmpwZyIsInNsaWRlc2hvdyI6ImQ2ZDJlOTAifQ%3D%3D\" href='https:\/\/caribabare.gov.co\/esp\/wp-content\/uploads\/2022\/09\/9.jpg'><img width=\"150\" height=\"150\" src=\"https:\/\/caribabare.gov.co\/esp\/wp-content\/uploads\/2022\/09\/9-150x150.jpg\" class=\"attachment-thumbnail size-thumbnail\" alt=\"\" decoding=\"async\" loading=\"lazy\" \/><\/a>\n\t\t\t<\/div><\/figure><figure class='gallery-item'>\n\t\t\t<div class='gallery-icon landscape'>\n\t\t\t\t<a data-elementor-open-lightbox=\"yes\" data-elementor-lightbox-slideshow=\"d6d2e90\" data-elementor-lightbox-title=\"8\" data-e-action-hash=\"#elementor-action%3Aaction%3Dlightbox%26settings%3DeyJpZCI6MTUxMCwidXJsIjoiaHR0cHM6XC9cL2NhcmliYWJhcmUuZ292LmNvXC9lc3BcL3dwLWNvbnRlbnRcL3VwbG9hZHNcLzIwMjJcLzA5XC84LmpwZyIsInNsaWRlc2hvdyI6ImQ2ZDJlOTAifQ%3D%3D\" href='https:\/\/caribabare.gov.co\/esp\/wp-content\/uploads\/2022\/09\/8.jpg'><img width=\"150\" height=\"150\" src=\"https:\/\/caribabare.gov.co\/esp\/wp-content\/uploads\/2022\/09\/8-150x150.jpg\" class=\"attachment-thumbnail size-thumbnail\" alt=\"\" decoding=\"async\" loading=\"lazy\" \/><\/a>\n\t\t\t<\/div><\/figure><figure class='gallery-item'>\n\t\t\t<div class='gallery-icon landscape'>\n\t\t\t\t<a data-elementor-open-lightbox=\"yes\" data-elementor-lightbox-slideshow=\"d6d2e90\" data-elementor-lightbox-title=\"7\" data-e-action-hash=\"#elementor-action%3Aaction%3Dlightbox%26settings%3DeyJpZCI6MTUwOSwidXJsIjoiaHR0cHM6XC9cL2NhcmliYWJhcmUuZ292LmNvXC9lc3BcL3dwLWNvbnRlbnRcL3VwbG9hZHNcLzIwMjJcLzA5XC83LmpwZyIsInNsaWRlc2hvdyI6ImQ2ZDJlOTAifQ%3D%3D\" href='https:\/\/caribabare.gov.co\/esp\/wp-content\/uploads\/2022\/09\/7.jpg'><img width=\"150\" height=\"150\" src=\"https:\/\/caribabare.gov.co\/esp\/wp-content\/uploads\/2022\/09\/7-150x150.jpg\" class=\"attachment-thumbnail size-thumbnail\" alt=\"\" decoding=\"async\" loading=\"lazy\" \/><\/a>\n\t\t\t<\/div><\/figure><figure class='gallery-item'>\n\t\t\t<div class='gallery-icon landscape'>\n\t\t\t\t<a data-elementor-open-lightbox=\"yes\" data-elementor-lightbox-slideshow=\"d6d2e90\" data-elementor-lightbox-title=\"6\" data-e-action-hash=\"#elementor-action%3Aaction%3Dlightbox%26settings%3DeyJpZCI6MTUwOCwidXJsIjoiaHR0cHM6XC9cL2NhcmliYWJhcmUuZ292LmNvXC9lc3BcL3dwLWNvbnRlbnRcL3VwbG9hZHNcLzIwMjJcLzA5XC82LmpwZyIsInNsaWRlc2hvdyI6ImQ2ZDJlOTAifQ%3D%3D\" href='https:\/\/caribabare.gov.co\/esp\/wp-content\/uploads\/2022\/09\/6.jpg'><img width=\"150\" height=\"150\" src=\"https:\/\/caribabare.gov.co\/esp\/wp-content\/uploads\/2022\/09\/6-150x150.jpg\" class=\"attachment-thumbnail size-thumbnail\" alt=\"\" decoding=\"async\" loading=\"lazy\" \/><\/a>\n\t\t\t<\/div><\/figure><figure class='gallery-item'>\n\t\t\t<div class='gallery-icon landscape'>\n\t\t\t\t<a data-elementor-open-lightbox=\"yes\" data-elementor-lightbox-slideshow=\"d6d2e90\" data-elementor-lightbox-title=\"5\" data-e-action-hash=\"#elementor-action%3Aaction%3Dlightbox%26settings%3DeyJpZCI6MTUwNywidXJsIjoiaHR0cHM6XC9cL2NhcmliYWJhcmUuZ292LmNvXC9lc3BcL3dwLWNvbnRlbnRcL3VwbG9hZHNcLzIwMjJcLzA5XC81LmpwZyIsInNsaWRlc2hvdyI6ImQ2ZDJlOTAifQ%3D%3D\" href='https:\/\/caribabare.gov.co\/esp\/wp-content\/uploads\/2022\/09\/5.jpg'><img width=\"150\" height=\"150\" src=\"https:\/\/caribabare.gov.co\/esp\/wp-content\/uploads\/2022\/09\/5-150x150.jpg\" class=\"attachment-thumbnail size-thumbnail\" alt=\"\" decoding=\"async\" loading=\"lazy\" \/><\/a>\n\t\t\t<\/div><\/figure><figure class='gallery-item'>\n\t\t\t<div class='gallery-icon landscape'>\n\t\t\t\t<a data-elementor-open-lightbox=\"yes\" data-elementor-lightbox-slideshow=\"d6d2e90\" data-elementor-lightbox-title=\"4\" data-e-action-hash=\"#elementor-action%3Aaction%3Dlightbox%26settings%3DeyJpZCI6MTUwNiwidXJsIjoiaHR0cHM6XC9cL2NhcmliYWJhcmUuZ292LmNvXC9lc3BcL3dwLWNvbnRlbnRcL3VwbG9hZHNcLzIwMjJcLzA5XC80LmpwZyIsInNsaWRlc2hvdyI6ImQ2ZDJlOTAifQ%3D%3D\" href='https:\/\/caribabare.gov.co\/esp\/wp-content\/uploads\/2022\/09\/4.jpg'><img width=\"150\" height=\"150\" src=\"https:\/\/caribabare.gov.co\/esp\/wp-content\/uploads\/2022\/09\/4-150x150.jpg\" class=\"attachment-thumbnail size-thumbnail\" alt=\"\" decoding=\"async\" loading=\"lazy\" \/><\/a>\n\t\t\t<\/div><\/figure><figure class='gallery-item'>\n\t\t\t<div class='gallery-icon landscape'>\n\t\t\t\t<a data-elementor-open-lightbox=\"yes\" data-elementor-lightbox-slideshow=\"d6d2e90\" data-elementor-lightbox-title=\"1\" data-e-action-hash=\"#elementor-action%3Aaction%3Dlightbox%26settings%3DeyJpZCI6MTUwMywidXJsIjoiaHR0cHM6XC9cL2NhcmliYWJhcmUuZ292LmNvXC9lc3BcL3dwLWNvbnRlbnRcL3VwbG9hZHNcLzIwMjJcLzA5XC8xLmpwZyIsInNsaWRlc2hvdyI6ImQ2ZDJlOTAifQ%3D%3D\" href='https:\/\/caribabare.gov.co\/esp\/wp-content\/uploads\/2022\/09\/1.jpg'><img width=\"150\" height=\"150\" src=\"https:\/\/caribabare.gov.co\/esp\/wp-content\/uploads\/2022\/09\/1-150x150.jpg\" class=\"attachment-thumbnail size-thumbnail\" alt=\"\" decoding=\"async\" loading=\"lazy\" \/><\/a>\n\t\t\t<\/div><\/figure><figure class='gallery-item'>\n\t\t\t<div class='gallery-icon landscape'>\n\t\t\t\t<a data-elementor-open-lightbox=\"yes\" data-elementor-lightbox-slideshow=\"d6d2e90\" data-elementor-lightbox-title=\"2\" data-e-action-hash=\"#elementor-action%3Aaction%3Dlightbox%26settings%3DeyJpZCI6MTUwNCwidXJsIjoiaHR0cHM6XC9cL2NhcmliYWJhcmUuZ292LmNvXC9lc3BcL3dwLWNvbnRlbnRcL3VwbG9hZHNcLzIwMjJcLzA5XC8yLmpwZyIsInNsaWRlc2hvdyI6ImQ2ZDJlOTAifQ%3D%3D\" href='https:\/\/caribabare.gov.co\/esp\/wp-content\/uploads\/2022\/09\/2.jpg'><img width=\"150\" height=\"150\" src=\"https:\/\/caribabare.gov.co\/esp\/wp-content\/uploads\/2022\/09\/2-150x150.jpg\" class=\"attachment-thumbnail size-thumbnail\" alt=\"\" decoding=\"async\" loading=\"lazy\" \/><\/a>\n\t\t\t<\/div><\/figure>\n\t\t<\/div>\n\t\t<\/div>\n\t\t\t\t<\/div>\n\t\t\t\t<\/div>\n\t\t\t\t\t\t<\/div>\n\t\t\t\t\t<\/div>\n\t\t<\/div>\n\t\t\t\t\t\t\t\t<\/div>\n\t\t\t\t\t<\/div>\n\t\t<\/section>\n\t\t\t\t<section class=\"elementor-section elementor-top-section elementor-element elementor-element-c28f59b elementor-section-boxed elementor-section-height-default elementor-section-height-default\" data-id=\"c28f59b\" data-element_type=\"section\">\n\t\t\t\t\t\t<div class=\"elementor-container elementor-column-gap-default\">\n\t\t\t\t\t\t\t<div class=\"elementor-row\">\n\t\t\t\t\t<div class=\"elementor-column elementor-col-100 elementor-top-column elementor-element elementor-element-e3b9ac4\" data-id=\"e3b9ac4\" data-element_type=\"column\">\n\t\t\t<div class=\"elementor-column-wrap elementor-element-populated\">\n\t\t\t\t\t\t\t<div class=\"elementor-widget-wrap\">\n\t\t\t\t\t\t<div class=\"elementor-element elementor-element-b55ef8d elementor-widget elementor-widget-text-editor\" data-id=\"b55ef8d\" data-element_type=\"widget\" data-widget_type=\"text-editor.default\">\n\t\t\t\t<div class=\"elementor-widget-container\">\n\t\t\t\t\t\t\t\t<div class=\"elementor-text-editor elementor-clearfix\">\n\t\t\t\t<p style=\"text-align: center;\"><strong>COMUNICADO A LA OPINION P\u00daBLICA<\/strong><\/p><p style=\"text-align: center;\"><strong>7 de Julio del 2022<br \/><\/strong><\/p>\t\t\t\t\t<\/div>\n\t\t\t\t\t\t<\/div>\n\t\t\t\t<\/div>\n\t\t\t\t<div class=\"elementor-element elementor-element-1c97078 elementor-widget elementor-widget-text-editor\" data-id=\"1c97078\" data-element_type=\"widget\" data-widget_type=\"text-editor.default\">\n\t\t\t\t<div class=\"elementor-widget-container\">\n\t\t\t\t\t\t\t\t<div class=\"elementor-text-editor elementor-clearfix\">\n\t\t\t\t<p>Debido a los cuestionamientos que han surgido en los \u00faltimos d\u00edas, respecto a la CALIDAD DEL AGUA de la fuente de abastecimiento del acueducto del municipio de Tame, la Empresa de Servicios P\u00fablicos de Tame CARIBABARE E.S.P informa a sus suscriptores y a la comunidad en general<\/p>\t\t\t\t\t<\/div>\n\t\t\t\t\t\t<\/div>\n\t\t\t\t<\/div>\n\t\t\t\t<div class=\"elementor-element elementor-element-da6fee0 elementor-widget elementor-widget-image-gallery\" data-id=\"da6fee0\" data-element_type=\"widget\" data-widget_type=\"image-gallery.default\">\n\t\t\t\t<div class=\"elementor-widget-container\">\n\t\t\t\t\t<div class=\"elementor-image-gallery\">\n\t\t\t<div id='gallery-2' class='gallery galleryid-1054 gallery-columns-4 gallery-size-thumbnail'><figure class='gallery-item'>\n\t\t\t<div class='gallery-icon portrait'>\n\t\t\t\t<a data-elementor-open-lightbox=\"yes\" data-elementor-lightbox-slideshow=\"da6fee0\" data-elementor-lightbox-title=\"WhatsApp Image 2022-07-07 at 11.30.06 AM\" data-e-action-hash=\"#elementor-action%3Aaction%3Dlightbox%26settings%3DeyJpZCI6MTQ3OSwidXJsIjoiaHR0cHM6XC9cL2NhcmliYWJhcmUuZ292LmNvXC9lc3BcL3dwLWNvbnRlbnRcL3VwbG9hZHNcLzIwMjJcLzA3XC9XaGF0c0FwcC1JbWFnZS0yMDIyLTA3LTA3LWF0LTExLjMwLjA2LUFNLmpwZWciLCJzbGlkZXNob3ciOiJkYTZmZWUwIn0%3D\" href='https:\/\/caribabare.gov.co\/esp\/wp-content\/uploads\/2022\/07\/WhatsApp-Image-2022-07-07-at-11.30.06-AM.jpeg'><img width=\"150\" height=\"150\" src=\"https:\/\/caribabare.gov.co\/esp\/wp-content\/uploads\/2022\/07\/WhatsApp-Image-2022-07-07-at-11.30.06-AM-150x150.jpeg\" class=\"attachment-thumbnail size-thumbnail\" alt=\"\" decoding=\"async\" loading=\"lazy\" \/><\/a>\n\t\t\t<\/div><\/figure><figure class='gallery-item'>\n\t\t\t<div class='gallery-icon portrait'>\n\t\t\t\t<a data-elementor-open-lightbox=\"yes\" data-elementor-lightbox-slideshow=\"da6fee0\" data-elementor-lightbox-title=\"WhatsApp Image 2022-07-07 at 11.30.06 AM (1)\" data-e-action-hash=\"#elementor-action%3Aaction%3Dlightbox%26settings%3DeyJpZCI6MTQ4MCwidXJsIjoiaHR0cHM6XC9cL2NhcmliYWJhcmUuZ292LmNvXC9lc3BcL3dwLWNvbnRlbnRcL3VwbG9hZHNcLzIwMjJcLzA3XC9XaGF0c0FwcC1JbWFnZS0yMDIyLTA3LTA3LWF0LTExLjMwLjA2LUFNLTEuanBlZyIsInNsaWRlc2hvdyI6ImRhNmZlZTAifQ%3D%3D\" href='https:\/\/caribabare.gov.co\/esp\/wp-content\/uploads\/2022\/07\/WhatsApp-Image-2022-07-07-at-11.30.06-AM-1.jpeg'><img width=\"150\" height=\"150\" src=\"https:\/\/caribabare.gov.co\/esp\/wp-content\/uploads\/2022\/07\/WhatsApp-Image-2022-07-07-at-11.30.06-AM-1-150x150.jpeg\" class=\"attachment-thumbnail size-thumbnail\" alt=\"\" decoding=\"async\" loading=\"lazy\" \/><\/a>\n\t\t\t<\/div><\/figure>\n\t\t<\/div>\n\t\t<\/div>\n\t\t\t\t<\/div>\n\t\t\t\t<\/div>\n\t\t\t\t<div class=\"elementor-element elementor-element-fa62a0d elementor-widget elementor-widget-heading\" data-id=\"fa62a0d\" data-element_type=\"widget\" data-widget_type=\"heading.default\">\n\t\t\t\t<div class=\"elementor-widget-container\">\n\t\t\t<div class=\"elementor-heading-title elementor-size-default\"><a href=\"https:\/\/caribabare.gov.co\/esp\/wp-content\/uploads\/2022\/07\/Comunicado-Caribabare-7-Julio-2022-1.pdf\" target=\"_blank\">DESCARGAR PDF <\/a><\/div>\t\t<\/div>\n\t\t\t\t<\/div>\n\t\t\t\t\t\t<\/div>\n\t\t\t\t\t<\/div>\n\t\t<\/div>\n\t\t\t\t\t\t\t\t<\/div>\n\t\t\t\t\t<\/div>\n\t\t<\/section>\n\t\t\t\t<section class=\"elementor-section elementor-top-section elementor-element elementor-element-ab758c2 elementor-section-boxed elementor-section-height-default elementor-section-height-default\" data-id=\"ab758c2\" data-element_type=\"section\">\n\t\t\t\t\t\t<div class=\"elementor-container elementor-column-gap-default\">\n\t\t\t\t\t\t\t<div class=\"elementor-row\">\n\t\t\t\t\t<div class=\"elementor-column elementor-col-100 elementor-top-column elementor-element elementor-element-6ce206e\" data-id=\"6ce206e\" data-element_type=\"column\">\n\t\t\t<div class=\"elementor-column-wrap\">\n\t\t\t\t\t\t\t<div class=\"elementor-widget-wrap\">\n\t\t\t\t\t\t\t\t<\/div>\n\t\t\t\t\t<\/div>\n\t\t<\/div>\n\t\t\t\t\t\t\t\t<\/div>\n\t\t\t\t\t<\/div>\n\t\t<\/section>\n\t\t\t\t\t\t\t\t\t<\/div>\n\t\t\t<\/div>\n\t\t\t\t\t<\/div>\n\t\t","protected":false},"excerpt":{"rendered":"<p>Presentaci\u00f3n y socializaci\u00f3n del servicio de la calibraci\u00f3n de medidores \ud835\udc02\ud835\udc00\ud835\udc11\ud835\udc08\ud835\udc01\ud835\udc00\ud835\udc01\ud835\udc00\ud835\udc11\ud835\udc04 \ud835\udc04.\ud835\udc12.\ud835\udc0f. en cabeza del Gerente A.P. Luis Alfredo Granados Becerra, en compa\u00f1\u00eda de la profesional Juliana P\u00e9rez Galindo l\u00edder del Grupo Comercial, Conexiones y Mercadeo y su equipo de trabajo, realizaron la presentaci\u00f3n y socializaci\u00f3n del servicio de la calibraci\u00f3n de medidores, a los [&hellip;]<\/p>\n","protected":false},"author":2,"featured_media":0,"parent":0,"menu_order":0,"comment_status":"closed","ping_status":"closed","template":"","meta":[],"_links":{"self":[{"href":"https:\/\/caribabare.gov.co\/esp\/wp-json\/wp\/v2\/pages\/1054"}],"collection":[{"href":"https:\/\/caribabare.gov.co\/esp\/wp-json\/wp\/v2\/pages"}],"about":[{"href":"https:\/\/caribabare.gov.co\/esp\/wp-json\/wp\/v2\/types\/page"}],"author":[{"embeddable":true,"href":"https:\/\/caribabare.gov.co\/esp\/wp-json\/wp\/v2\/users\/2"}],"replies":[{"embeddable":true,"href":"https:\/\/caribabare.gov.co\/esp\/wp-json\/wp\/v2\/comments?post=1054"}],"version-history":[{"count":8,"href":"https:\/\/caribabare.gov.co\/esp\/wp-json\/wp\/v2\/pages\/1054\/revisions"}],"predecessor-version":[{"id":1549,"href":"https:\/\/caribabare.gov.co\/esp\/wp-json\/wp\/v2\/pages\/1054\/revisions\/1549"}],"wp:attachment":[{"href":"https:\/\/caribabare.gov.co\/esp\/wp-json\/wp\/v2\/media?parent=1054"}],"curies":[{"name":"wp","href":"https:\/\/api.w.org\/{rel}","templated":true}]}}